{"id":11487,"date":"2023-02-15T13:57:40","date_gmt":"2023-02-15T10:57:40","guid":{"rendered":"https:\/\/irmak.k12.tr\/primary\/?page_id=11487"},"modified":"2025-09-19T08:04:16","modified_gmt":"2025-09-19T05:04:16","slug":"kulup-etkinlikleri","status":"publish","type":"page","link":"https:\/\/irmak.k12.tr\/primary\/kulup-etkinlikleri\/","title":{"rendered":"Kul\u00fcp Etkinlikleri"},"content":{"rendered":"<div class=\"wpb-content-wrapper\"><p>[vc_row][vc_column][vc_column_text css=&#8221;&#8221;]<\/p>\n<div class=\"text-justify\">\n<p>Irmak Okullar\u0131nda kul\u00fcp etkinlikleri \u00f6\u011frencilerimizin sosyal, duygusal ve akademik alanlarda var olan ya da yeni ke\u015ffedecekleri becerilerini geli\u015ftirme ama\u00e7l\u0131 planlan\u0131r. \u00d6\u011frencilerimize sanat, spor ve k\u00fclt\u00fcr-bilim alanlar\u0131nda kendilerini ifade etme ortam\u0131 yarat\u0131l\u0131r. Kul\u00fcp \u00e7al\u0131\u015fmalar\u0131m\u0131z, e\u011fitim \u00f6\u011fretim y\u0131l\u0131n\u0131n ikinci haftas\u0131 tan\u0131t\u0131m s\u00fcreci ile ba\u015flar. Kul\u00fcp \u00f6\u011fretmenleri taraf\u0131ndan sunumlar yap\u0131larak \u00f6\u011frencilerimize i\u00e7erik hakk\u0131nda bilgi verilir. \u00d6\u011frencilerimiz, kat\u0131lmak istedikleri kul\u00fcb\u00fc belirleyerek kul\u00fcp tercih formunu doldurur. \u00dc\u00e7\u00fcnc\u00fc hafta kul\u00fcplerimiz \u00e7al\u0131\u015fmalar\u0131na ba\u015flar. Y\u0131l sonunda t\u00fcm kul\u00fcpler \u00e7al\u0131\u015fmalar\u0131n\u0131 sunumlarla sergiler. \u00d6\u011frencilerimiz bir sonraki y\u0131l i\u00e7in a\u00e7\u0131lmas\u0131n\u0131 istedikleri kul\u00fcpleri de\u011ferlendirme formlar\u0131yla bildirirler. Yeni kul\u00fcp \u00e7al\u0131\u015fmalar\u0131 bu do\u011frultuda planlanarak \u00f6\u011frencilerin se\u00e7imine sunulur.<\/p>\n<div><a href=\"https:\/\/www.canva.com\/design\/DAGxJ7Rs9jY\/oOrGe8FGKavfD2n1VR3jCA\/view?utm_content=DAGxJ7Rs9jY&amp;utm_campaign=designshare&amp;utm_medium=link2&amp;utm_source=uniquelinks&amp;utlId=hd0b4105219\" target=\"_blank\" rel=\"noopener\">1-2. S\u0131n\u0131flar Beceri At\u00f6lyeleri Tan\u0131t\u0131m Kitap\u00e7\u0131\u011f\u0131n\u0131 \u0130ncelemek \u0130\u00e7in T\u0131klay\u0131n\u0131z.<\/a><\/div>\n<div><a href=\"https:\/\/www.canva.com\/design\/DAGxJzmRD7E\/tildhrD4lbB7GygoZg8ynw\/view?utm_content=DAGxJzmRD7E&amp;utm_campaign=designshare&amp;utm_medium=link2&amp;utm_source=uniquelinks&amp;utlId=hfa9c5799ef\" target=\"_blank\" rel=\"noopener\">3-4. S\u0131n\u0131flar Beceri At\u00f6lyeleri Tan\u0131t\u0131m Kitap\u00e7\u0131\u011f\u0131n\u0131 \u0130ncelemek \u0130\u00e7in T\u0131klay\u0131n\u0131z.<\/a><\/div>\n<\/div>\n<p>[\/vc_column_text][\/vc_column][\/vc_row]<\/p>\n<\/div>","protected":false},"excerpt":{"rendered":"<p>[vc_row][vc_column][vc_column_text css=&#8221;&#8221;] Irmak Okullar\u0131nda kul\u00fcp etkinlikleri \u00f6\u011frencilerimizin sosyal, duygusal ve akademik alanlarda var olan ya da yeni ke\u015ffedecekleri becerilerini geli\u015ftirme ama\u00e7l\u0131 planlan\u0131r. \u00d6\u011frencilerimize sanat, spor ve k\u00fclt\u00fcr-bilim alanlar\u0131nda kendilerini ifade etme ortam\u0131 yarat\u0131l\u0131r. Kul\u00fcp \u00e7al\u0131\u015fmalar\u0131m\u0131z, e\u011fitim \u00f6\u011fretim y\u0131l\u0131n\u0131n ikinci haftas\u0131 tan\u0131t\u0131m s\u00fcreci ile ba\u015flar. Kul\u00fcp \u00f6\u011fretmenleri taraf\u0131ndan sunumlar yap\u0131larak \u00f6\u011frencilerimize i\u00e7erik hakk\u0131nda bilgi verilir. \u00d6\u011frencilerimiz, [&hellip;]<\/p>\n","protected":false},"author":1,"featured_media":0,"parent":0,"menu_order":0,"comment_status":"closed","ping_status":"closed","template":"","meta":{"footnotes":""},"class_list":["post-11487","page","type-page","status-publish","hentry"],"_links":{"self":[{"href":"https:\/\/irmak.k12.tr\/primary\/wp-json\/wp\/v2\/pages\/11487","targetHints":{"allow":["GET"]}}],"collection":[{"href":"https:\/\/irmak.k12.tr\/primary\/wp-json\/wp\/v2\/pages"}],"about":[{"href":"https:\/\/irmak.k12.tr\/primary\/wp-json\/wp\/v2\/types\/page"}],"author":[{"embeddable":true,"href":"https:\/\/irmak.k12.tr\/primary\/wp-json\/wp\/v2\/users\/1"}],"replies":[{"embeddable":true,"href":"https:\/\/irmak.k12.tr\/primary\/wp-json\/wp\/v2\/comments?post=11487"}],"version-history":[{"count":3,"href":"https:\/\/irmak.k12.tr\/primary\/wp-json\/wp\/v2\/pages\/11487\/revisions"}],"predecessor-version":[{"id":15407,"href":"https:\/\/irmak.k12.tr\/primary\/wp-json\/wp\/v2\/pages\/11487\/revisions\/15407"}],"wp:attachment":[{"href":"https:\/\/irmak.k12.tr\/primary\/wp-json\/wp\/v2\/media?parent=11487"}],"curies":[{"name":"wp","href":"https:\/\/api.w.org\/{rel}","templated":true}]}}