{"id":12922,"date":"2023-12-20T09:25:57","date_gmt":"2023-12-20T06:25:57","guid":{"rendered":"https:\/\/irmak.k12.tr\/middle\/?page_id=12922"},"modified":"2024-02-19T08:37:54","modified_gmt":"2024-02-19T05:37:54","slug":"orta-yillar-programi-myp","status":"publish","type":"page","link":"https:\/\/irmak.k12.tr\/middle\/orta-yillar-programi-myp\/","title":{"rendered":"Orta Y\u0131llar Program\u0131 (MYP)"},"content":{"rendered":"<p><span style=\"font-weight: 400;\">Uluslararas\u0131 Orta Y\u0131llar Program\u0131 (International Baccalaureate Middle Years Programme), 11-16 ya\u015f aras\u0131 \u00f6\u011frenciler i\u00e7in tasarlanm\u0131\u015f bir m\u00fcfredat \u00e7er\u00e7evesidir. Daha k\u00fc\u00e7\u00fck \u00f6\u011frenciler i\u00e7in \u0130lk Y\u0131llar Program\u0131n\u0131 (PYP) ve daha b\u00fcy\u00fck \u00f6\u011frenciler i\u00e7in Diploma Program\u0131\u2019n\u0131 (DP) da i\u00e7eren Uluslararas\u0131 Bakalorya (IB), e\u011fitim s\u00fcreklili\u011finin bir par\u00e7as\u0131d\u0131r.<\/span><\/p>\n<p><span style=\"font-weight: 400;\">MYP; h\u0131zla de\u011fi\u015fen k\u00fcresel toplumda ba\u015far\u0131l\u0131 olmak i\u00e7in gerekli beceri ve anlay\u0131\u015fla donat\u0131lm\u0131\u015f, bilgili, ilgili ve uluslararas\u0131 d\u00fc\u015f\u00fcnen \u00f6\u011frenciler yeti\u015ftirmeyi ama\u00e7lamaktad\u0131r. Entelekt\u00fcel, duygusal, sosyal ve fiziksel refah\u0131 te\u015fvik ederek t\u00fcm bireylerin geli\u015fimini vurgulayan e\u011fitime b\u00fct\u00fcnsel bir yakla\u015f\u0131m sa\u011flar.<\/span><\/p>\n<p><span style=\"font-weight: 400;\">MYP kapsam\u0131nda \u00f6\u011frenciler <\/span><i><span style=\"font-weight: 400;\">\u201cdil edinimi, dil ve edebiyat, bireyler ve toplumlar, fen bilimleri, matematik, sanat, beden ve sa\u011fl\u0131k e\u011fitimi ve tasar\u0131m\u201d<\/span><\/i><span style=\"font-weight: 400;\"> olmak \u00fczere sekiz ana ders grubunda \u00e7e\u015fitli konular \u00fczerinde \u00e7al\u0131\u015f\u0131rlar. \u00d6\u011frenciler bu ders alanlar\u0131 \u00fczerinde \u00e7al\u0131\u015farak disiplinler ve disiplinler aras\u0131 anlay\u0131\u015flar\u0131n\u0131n yan\u0131 s\u0131ra ele\u015ftirel d\u00fc\u015f\u00fcnme, ara\u015ft\u0131rma, ileti\u015fim ve i\u015f birli\u011fi gibi becerilerini de geli\u015ftirirler.<\/span><\/p>\n<p><span style=\"font-weight: 400;\">MYP, konuya \u00f6zg\u00fc \u00f6\u011frenmeye ek olarak \u00f6\u011frencileri k\u00fcresel konular\u0131 ke\u015ffetmeye ve \u00d6\u011frenmeye Yakla\u015f\u0131mlar (ATL) \u00e7er\u00e7evesi arac\u0131l\u0131\u011f\u0131yla farkl\u0131 disiplinler aras\u0131nda ba\u011flant\u0131lar kurmaya te\u015fvik eder. Bu \u00e7er\u00e7eve; d\u00fc\u015f\u00fcnme, ileti\u015fim, sosyal, ara\u015ft\u0131rma ve \u00f6z y\u00f6netim becerileri gibi konular ve ba\u011flamlar aras\u0131nda aktar\u0131m\u0131 m\u00fcmk\u00fcn olan becerilerin geli\u015fimini desteklemek \u00fczere tasarlanm\u0131\u015ft\u0131r.<\/span><\/p>\n<p><span style=\"font-weight: 400;\">MYP&#8217;de de\u011ferlendirme, \u00f6\u011frencilerin anlay\u0131\u015flar\u0131n\u0131 ve becerilerini \u00e7e\u015fitli \u015fekillerde g\u00f6stermelerine olanak tan\u0131yan ders \u00e7al\u0131\u015fmalar\u0131 ve harici s\u0131navlar\u0131n bir kombinasyonu \u015feklindedir. Bu de\u011ferlendirme yakla\u015f\u0131m\u0131, \u00f6zg\u00fcn \u00f6\u011frenme deneyimlerini destekleyerek \u00f6\u011frencileri kendi \u00f6\u011frenmelerini sahiplenmeye te\u015fvik etmeyi ama\u00e7lamaktad\u0131r.<\/span><\/p>\n<p><span style=\"font-weight: 400;\">MYP; \u00f6\u011frencileri ya\u015fam boyu \u00f6\u011frenen, aktif, merhametli ve sorumlu d\u00fcnya vatanda\u015flar\u0131 olmalar\u0131 i\u00e7in g\u00fc\u00e7lendirmeyi ama\u00e7layan bir programd\u0131r.<\/span><\/p>\n","protected":false},"excerpt":{"rendered":"<p>Uluslararas\u0131 Orta Y\u0131llar Program\u0131 (International Baccalaureate Middle Years Programme), 11-16 ya\u015f aras\u0131 \u00f6\u011frenciler i\u00e7in tasarlanm\u0131\u015f bir m\u00fcfredat \u00e7er\u00e7evesidir. Daha k\u00fc\u00e7\u00fck \u00f6\u011frenciler i\u00e7in \u0130lk Y\u0131llar Program\u0131n\u0131 (PYP) ve daha b\u00fcy\u00fck \u00f6\u011frenciler i\u00e7in Diploma Program\u0131\u2019n\u0131 (DP) da i\u00e7eren Uluslararas\u0131 Bakalorya (IB), e\u011fitim s\u00fcreklili\u011finin bir par\u00e7as\u0131d\u0131r. MYP; h\u0131zla de\u011fi\u015fen k\u00fcresel toplumda ba\u015far\u0131l\u0131 olmak i\u00e7in gerekli beceri ve anlay\u0131\u015fla [&hellip;]<\/p>\n","protected":false},"author":3,"featured_media":0,"parent":0,"menu_order":0,"comment_status":"closed","ping_status":"closed","template":"","meta":{"footnotes":""},"class_list":["post-12922","page","type-page","status-publish","hentry"],"_links":{"self":[{"href":"https:\/\/irmak.k12.tr\/middle\/wp-json\/wp\/v2\/pages\/12922","targetHints":{"allow":["GET"]}}],"collection":[{"href":"https:\/\/irmak.k12.tr\/middle\/wp-json\/wp\/v2\/pages"}],"about":[{"href":"https:\/\/irmak.k12.tr\/middle\/wp-json\/wp\/v2\/types\/page"}],"author":[{"embeddable":true,"href":"https:\/\/irmak.k12.tr\/middle\/wp-json\/wp\/v2\/users\/3"}],"replies":[{"embeddable":true,"href":"https:\/\/irmak.k12.tr\/middle\/wp-json\/wp\/v2\/comments?post=12922"}],"version-history":[{"count":3,"href":"https:\/\/irmak.k12.tr\/middle\/wp-json\/wp\/v2\/pages\/12922\/revisions"}],"predecessor-version":[{"id":13202,"href":"https:\/\/irmak.k12.tr\/middle\/wp-json\/wp\/v2\/pages\/12922\/revisions\/13202"}],"wp:attachment":[{"href":"https:\/\/irmak.k12.tr\/middle\/wp-json\/wp\/v2\/media?parent=12922"}],"curies":[{"name":"wp","href":"https:\/\/api.w.org\/{rel}","templated":true}]}}