{"id":12915,"date":"2023-12-20T09:09:14","date_gmt":"2023-12-20T06:09:14","guid":{"rendered":"https:\/\/irmak.k12.tr\/middle\/?page_id=12915"},"modified":"2024-03-06T14:06:11","modified_gmt":"2024-03-06T11:06:11","slug":"gorsel-sanatlar","status":"publish","type":"page","link":"https:\/\/irmak.k12.tr\/middle\/gorsel-sanatlar\/","title":{"rendered":"G\u00f6rsel Sanatlar"},"content":{"rendered":"\r\n<p><span style=\"font-weight: 400;\">Sanat;\u00a0 bireyin i\u00e7 d\u00fcnyas\u0131n\u0131 d\u0131\u015fa vurmas\u0131na olanak tan\u0131yan, yarat\u0131c\u0131l\u0131\u011f\u0131 k\u00f6r\u00fckleyen, ya\u015fad\u0131\u011f\u0131 k\u00fclt\u00fcrle bir ba\u011f kurmas\u0131n\u0131 ve di\u011fer k\u00fclt\u00fcrlere duyarl\u0131l\u0131k geli\u015ftirmesini sa\u011flayan, hayat\u0131n anlam\u0131na dair derin bir fark\u0131ndal\u0131k olu\u015fturan evrensel bir dildir.<\/span><\/p>\r\n<p><span style=\"font-weight: 400;\">G\u00f6rsel sanatlar dersinde; \u00f6\u011frencilerin kendilerini ifade etme s\u00fcrecinde sanat\u0131 kullanmalar\u0131 te\u015fvik edilirken ayn\u0131 zamanda \u00f6zg\u00fcn d\u00fc\u015f\u00fcnme, alg\u0131lama ve anlamland\u0131rma becerilerini geli\u015ftirmeleri \u00fczerine yo\u011funla\u015f\u0131l\u0131r.<\/span><\/p>\r\n<p><span style=\"font-weight: 400;\">Irmak Ortaokulunda;<\/span><\/p>\r\n<ul>\r\n<li style=\"font-weight: 400;\" aria-level=\"1\"><span style=\"font-weight: 400;\">\u00d6\u011frencilerin estetik bak\u0131\u015f a\u00e7\u0131lar\u0131n\u0131 geli\u015ftirmek ve sanat yoluyla kendilerini ifade etmelerine olanak sa\u011flamak,<\/span><\/li>\r\n<li style=\"font-weight: 400;\" aria-level=\"1\"><span style=\"font-weight: 400;\">\u00d6\u011frencilerin sanat\u0131n farkl\u0131 alanlardaki y\u00f6ntem ve tekniklerini bilmeleri ve sanattaki temel unsurlar\u0131 tan\u0131mlayarak g\u00f6rsel okuryazarl\u0131klar\u0131n\u0131 geli\u015ftirmeleri,<\/span><\/li>\r\n<li style=\"font-weight: 400;\" aria-level=\"1\"><span style=\"font-weight: 400;\">\u00d6\u011frencilerin \u00f6zg\u00fcn d\u00fc\u015f\u00fcnme, \u00fcretme becerilerini destekleyerek onlar\u0131n yarat\u0131c\u0131l\u0131klar\u0131n\u0131 art\u0131rmak,<\/span><\/li>\r\n<li style=\"font-weight: 400;\" aria-level=\"1\"><span style=\"font-weight: 400;\">Ulusal ve evrensel de\u011ferleri tan\u0131yan, genel k\u00fclt\u00fcr sahibi bireyler yeti\u015ftirmek hedeflenmektedir.<\/span><\/li>\r\n<\/ul>\r\n<p><b>Sanat Dersleri ve At\u00f6lye \u00c7al\u0131\u015fmalar\u0131<\/b><\/p>\r\n<p><span style=\"font-weight: 400;\">G\u00f6rsel sanatlar dersinde \u00f6\u011frencilerin \u00e7ok boyutlu bak\u0131\u015f a\u00e7\u0131lar\u0131n\u0131 desteklemek amac\u0131yla \u201cresim, tasar\u0131m ve seramik\u201d alanlar\u0131nda \u00e7e\u015fitli \u00e7al\u0131\u015fmalar ger\u00e7ekle\u015ftirilmektedir.\u00a0 Resim bran\u015f\u0131nda temel sanat elemanlar\u0131n\u0131 tan\u0131yarak \u00e7e\u015fitli teknik beceriler \u00fczerine yo\u011funla\u015f\u0131l\u0131r; \u00f6\u011frencilerin tasar\u0131m bran\u015f\u0131nda edindikleri teknik becerileri, fikirleriyle bulu\u015fturarak yarat\u0131c\u0131 davran\u0131\u015flar geli\u015ftirmeleri \u00fczerine \u00e7al\u0131\u015fmalar ger\u00e7ekle\u015ftirilir. Seramik alan\u0131ndaki \u00e7al\u0131\u015fmalarda ise \u00f6\u011frencilerin \u00e7e\u015fitli \u015fekillendirme teknikleriyle \u00fc\u00e7 boyutlu alg\u0131lama ve \u00f6zg\u00fcn nitelikte tasar\u0131mlar \u00fcretme becerisi kazanmalar\u0131 hedeflenmektedir.<\/span><\/p>\r\n<p><span style=\"font-weight: 400;\">Her ya\u015f seviyesine uygun olarak sanat\u00e7\u0131larla bulu\u015fma imk\u00e2n\u0131 sa\u011flayan \u201cIrmak Bienali\u201d ve \u201cSanat Gecesi\u201d etkinliklerimizde \u00f6\u011frencilerimiz sanat d\u00fcnyas\u0131n\u0131 daha yak\u0131ndan tan\u0131ma, kavramsal sorgulama ve bak\u0131\u015f a\u00e7\u0131lar\u0131n\u0131 geli\u015ftirme f\u0131rsat\u0131 elde etmektedir. Ders kapsam\u0131nda \u00e7e\u015fitli seviyelere d\u00fczenlenen gezilerimizle \u00f6\u011frencilerimizin \u00f6\u011frenme ortamlar\u0131n\u0131 zenginle\u015ftirilerek \u00e7e\u015fitli eserleri ve farkl\u0131 k\u00fclt\u00fcrlerin\/d\u00f6nemlerin sanatsal ifadelerini ke\u015ffetmelerine olanak tan\u0131nmaktad\u0131r. \u00d6\u011frencilerimize; \u00f6\u011frenme deneyimini art\u0131ran \u00e7e\u015fitli yar\u0131\u015fma, proje ve kul\u00fcp \u00e7al\u0131\u015fmalar\u0131yla yarat\u0131c\u0131l\u0131klar\u0131n\u0131 ifade etme ve geli\u015ftirme \u015fans\u0131 verilmektedir. T\u00fcm bu s\u00fcre\u00e7lerde \u00f6\u011frenciler ayn\u0131 zamanda farkl\u0131 sanat disiplinleri aras\u0131nda ba\u011flant\u0131lar kurma, estetik anlay\u0131\u015flar\u0131n\u0131 zenginle\u015ftirme ve ele\u015ftirel d\u00fc\u015f\u00fcnme becerilerini geli\u015ftirme f\u0131rsat\u0131 bulmaktad\u0131r.<\/span><\/p>\r\n","protected":false},"excerpt":{"rendered":"<p>Sanat;\u00a0 bireyin i\u00e7 d\u00fcnyas\u0131n\u0131 d\u0131\u015fa vurmas\u0131na olanak tan\u0131yan, yarat\u0131c\u0131l\u0131\u011f\u0131 k\u00f6r\u00fckleyen, ya\u015fad\u0131\u011f\u0131 k\u00fclt\u00fcrle bir ba\u011f kurmas\u0131n\u0131 ve di\u011fer k\u00fclt\u00fcrlere duyarl\u0131l\u0131k geli\u015ftirmesini sa\u011flayan, hayat\u0131n anlam\u0131na dair derin bir fark\u0131ndal\u0131k olu\u015fturan evrensel bir dildir. G\u00f6rsel sanatlar dersinde; \u00f6\u011frencilerin kendilerini ifade etme s\u00fcrecinde sanat\u0131 kullanmalar\u0131 te\u015fvik edilirken ayn\u0131 zamanda \u00f6zg\u00fcn d\u00fc\u015f\u00fcnme, alg\u0131lama ve anlamland\u0131rma becerilerini geli\u015ftirmeleri \u00fczerine yo\u011funla\u015f\u0131l\u0131r. Irmak [&hellip;]<\/p>\n","protected":false},"author":3,"featured_media":0,"parent":0,"menu_order":0,"comment_status":"closed","ping_status":"closed","template":"","meta":{"footnotes":""},"class_list":["post-12915","page","type-page","status-publish","hentry"],"_links":{"self":[{"href":"https:\/\/irmak.k12.tr\/middle\/wp-json\/wp\/v2\/pages\/12915","targetHints":{"allow":["GET"]}}],"collection":[{"href":"https:\/\/irmak.k12.tr\/middle\/wp-json\/wp\/v2\/pages"}],"about":[{"href":"https:\/\/irmak.k12.tr\/middle\/wp-json\/wp\/v2\/types\/page"}],"author":[{"embeddable":true,"href":"https:\/\/irmak.k12.tr\/middle\/wp-json\/wp\/v2\/users\/3"}],"replies":[{"embeddable":true,"href":"https:\/\/irmak.k12.tr\/middle\/wp-json\/wp\/v2\/comments?post=12915"}],"version-history":[{"count":3,"href":"https:\/\/irmak.k12.tr\/middle\/wp-json\/wp\/v2\/pages\/12915\/revisions"}],"predecessor-version":[{"id":13214,"href":"https:\/\/irmak.k12.tr\/middle\/wp-json\/wp\/v2\/pages\/12915\/revisions\/13214"}],"wp:attachment":[{"href":"https:\/\/irmak.k12.tr\/middle\/wp-json\/wp\/v2\/media?parent=12915"}],"curies":[{"name":"wp","href":"https:\/\/api.w.org\/{rel}","templated":true}]}}