{"id":11250,"date":"2023-02-16T15:05:32","date_gmt":"2023-02-16T12:05:32","guid":{"rendered":"https:\/\/irmak.k12.tr\/middle\/?page_id=11250"},"modified":"2024-02-22T14:27:22","modified_gmt":"2024-02-22T11:27:22","slug":"turkce","status":"publish","type":"page","link":"https:\/\/irmak.k12.tr\/middle\/turkce\/","title":{"rendered":"T\u00fcrk\u00e7e"},"content":{"rendered":"<p><span style=\"font-weight: 400;\">Irmak Ortaokulunda metin odakl\u0131 bir yakla\u015f\u0131mla yap\u0131land\u0131r\u0131lan T\u00fcrk\u00e7e derslerinde \u00f6\u011frencilerin dilin farkl\u0131 ba\u011flamlarda ald\u0131\u011f\u0131 g\u00f6r\u00fcn\u00fcmleri kavramalar\u0131, de\u011fi\u015fik bilgi kaynaklar\u0131na ula\u015farak duygu, d\u00fc\u015f\u00fcnce ve hayal d\u00fcnyalar\u0131n\u0131 zenginle\u015ftirmeleri ve kendilerini \u00f6z g\u00fcvenle ifade edebilmeleri i\u00e7in T\u00fcrk ve d\u00fcnya edebiyat\u0131n\u0131n se\u00e7kin eserlerine yer verilmekte; dil bilgisi, okuma-anlama, dinleme-izleme, konu\u015fma ve yazma kazan\u0131mlar\u0131 sarmal bir yap\u0131 i\u00e7erisinde, metinle ili\u015fkilendirilerek b\u00fct\u00fcnc\u00fcl bir bak\u0131\u015f a\u00e7\u0131s\u0131yla ele al\u0131nmaktad\u0131r. Bu bak\u0131\u015f a\u00e7\u0131s\u0131yla i\u015flenen eserler; \u00f6\u011frencilerin estetik de\u011ferlerinin geli\u015fimine, dilin \u00f6neminin kavranmas\u0131na, bireysel ve toplumsal de\u011ferlerin fark\u0131na var\u0131lmas\u0131na olanak sa\u011flamaktad\u0131r.<\/span><\/p>\n<p><span style=\"font-weight: 400;\">Derslerde \u00f6\u011frencilerin \u201cd\u00fc\u015f\u00fcnme, anlama, s\u0131ralama, s\u0131n\u0131flama, sorgulama, ili\u015fki kurma, ele\u015ftirme, tahmin etme, analiz-sentez yapma, de\u011ferlendirme\u201d gibi zihinsel becerilerini geli\u015ftirmeye y\u00f6nelik etkinlikler ve farkl\u0131la\u015ft\u0131r\u0131lm\u0131\u015f \u00e7al\u0131\u015fmalar uygulanmaktad\u0131r.<\/span><\/p>\n<p><span style=\"font-weight: 400;\">B\u00f6l\u00fcm\u00fcm\u00fcz\u00fcn hedefleri do\u011frultusunda gelenekselle\u015fmi\u015f olan <\/span><i><span style=\"font-weight: 400;\">\u201cDil Bayram\u0131, Gen\u00e7 Kalemler Cumhuriyeti Yaz\u0131yor, \u00c7ocuk Haklar\u0131 Paneli, Laf Ebesi: Haz\u0131rl\u0131kl\u0131- Haz\u0131rl\u0131ks\u0131z Konu\u015fma Yar\u0131\u015fmas\u0131, Yazar S\u00f6yle\u015fileri, Tebrik Kart\u0131 Kampanyas\u0131, Milli K\u00fclt\u00fcr G\u00fcn\u00fc, D\u00fcnya S\u00f6zl\u00fck G\u00fcn\u00fc, D\u00fcnya \u00d6yk\u00fc G\u00fcn\u00fc, D\u00fcnya \u015eiir G\u00fcn\u00fc, Kitap Kahramanlar\u0131n\u0131 Canland\u0131rma\u201d<\/span><\/i><span style=\"font-weight: 400;\"> gibi etkinlikler ve okudu\u011fumuz kitaplarla ili\u015fkilendirilen disiplinler aras\u0131 anlay\u0131\u015fla planlanan geziler; \u00f6\u011frencilerin sosyal ve duygusal geli\u015fimlerini destekleyen kul\u00fcpler (Felsefe Kul\u00fcb\u00fc, Yarat\u0131c\u0131 Drama ve Tiyatro Kul\u00fcb\u00fc, Dergi Kul\u00fcb\u00fc, Radyo ve Seslendirme Kul\u00fcb\u00fc, M\u00fcnazara Kul\u00fcb\u00fc\u2026) ger\u00e7ekle\u015ftirilmektedir. Bunun yan\u0131nda \u00f6\u011frencilerin s\u0131n\u0131f i\u00e7inde yapt\u0131\u011f\u0131 \u00e7al\u0131\u015fmalardan olu\u015fan \u201cMavi\u201d dergisi y\u0131l sonunda okurlarla bulu\u015fmaktad\u0131r.<\/span><\/p>\n<p><span style=\"font-weight: 400;\">Y\u00fcr\u00fct\u00fclen bu \u00e7al\u0131\u015fmalarla \u00f6\u011frencilerimizin;<\/span><\/p>\n<ul>\n<li style=\"font-weight: 400;\" aria-level=\"1\"><span style=\"font-weight: 400;\">Dinleme, konu\u015fma, okuma, yazma, g\u00f6rsel okuma ve g\u00f6rsel sunu dil becerilerini geli\u015ftirmek,<\/span><\/li>\n<li style=\"font-weight: 400;\" aria-level=\"1\"><span style=\"font-weight: 400;\">T\u00fcrk\u00e7eyi sevmelerini, do\u011fru ve etkili kullanmalar\u0131n\u0131 sa\u011flamak,<\/span><\/li>\n<li style=\"font-weight: 400;\" aria-level=\"1\"><span style=\"font-weight: 400;\">Metinler aras\u0131 d\u00fc\u015f\u00fcnme becerilerini geli\u015ftirerek s\u00f6z varl\u0131\u011f\u0131n\u0131 zenginle\u015ftirmek,<\/span><\/li>\n<li style=\"font-weight: 400;\" aria-level=\"1\"><span style=\"font-weight: 400;\">Bilimsel, yap\u0131c\u0131, ele\u015ftirel ve yarat\u0131c\u0131 d\u00fc\u015f\u00fcnme, kendini ifade etme, ileti\u015fim kurma, i\u015f birli\u011fi yapma, problem \u00e7\u00f6zme ve giri\u015fimcilik gibi temel becerilerini geli\u015ftirmek,<\/span><\/li>\n<li style=\"font-weight: 400;\" aria-level=\"1\"><span style=\"font-weight: 400;\">Bilgiye ula\u015fma, bilgiyi kullanma ve yorumlama becerilerini geli\u015ftirmek,<\/span><\/li>\n<li style=\"font-weight: 400;\" aria-level=\"1\"><span style=\"font-weight: 400;\">Kitle ileti\u015fim ara\u00e7lar\u0131yla verilen mesajlar\u0131 sorgulama becerilerini geli\u015ftirmek,<\/span><\/li>\n<li style=\"font-weight: 400;\" aria-level=\"1\"><span style=\"font-weight: 400;\">Milli, manevi, ahlaki, tarihi, k\u00fclt\u00fcrel, sosyal, estetik ve sanatsal de\u011ferlere \u00f6nem vermelerini sa\u011flamak,<\/span><\/li>\n<li style=\"font-weight: 400;\" aria-level=\"1\"><span style=\"font-weight: 400;\">Yaz\u0131l\u0131 ve s\u00f6zl\u00fc \u00fcr\u00fcnlerle T\u00fcrk ve d\u00fcnya k\u00fclt\u00fcr\u00fcn\u00fc tan\u0131malar\u0131n\u0131 sa\u011flamak.<\/span><\/li>\n<li style=\"font-weight: 400;\" aria-level=\"1\"><span style=\"font-weight: 400;\">Okuma ve yazma sevgisi ile al\u0131\u015fkanl\u0131\u011f\u0131n\u0131 kazanmalar\u0131n\u0131 sa\u011flamak<\/span><\/li>\n<\/ul>\n<p><span style=\"font-weight: 400;\">ama\u00e7lanmaktad\u0131r.<\/span><\/p>\n","protected":false},"excerpt":{"rendered":"<p>Irmak Ortaokulunda metin odakl\u0131 bir yakla\u015f\u0131mla yap\u0131land\u0131r\u0131lan T\u00fcrk\u00e7e derslerinde \u00f6\u011frencilerin dilin farkl\u0131 ba\u011flamlarda ald\u0131\u011f\u0131 g\u00f6r\u00fcn\u00fcmleri kavramalar\u0131, de\u011fi\u015fik bilgi kaynaklar\u0131na ula\u015farak duygu, d\u00fc\u015f\u00fcnce ve hayal d\u00fcnyalar\u0131n\u0131 zenginle\u015ftirmeleri ve kendilerini \u00f6z g\u00fcvenle ifade edebilmeleri i\u00e7in T\u00fcrk ve d\u00fcnya edebiyat\u0131n\u0131n se\u00e7kin eserlerine yer verilmekte; dil bilgisi, okuma-anlama, dinleme-izleme, konu\u015fma ve yazma kazan\u0131mlar\u0131 sarmal bir yap\u0131 i\u00e7erisinde, metinle ili\u015fkilendirilerek [&hellip;]<\/p>\n","protected":false},"author":1,"featured_media":0,"parent":0,"menu_order":0,"comment_status":"closed","ping_status":"closed","template":"","meta":{"footnotes":""},"class_list":["post-11250","page","type-page","status-publish","hentry"],"_links":{"self":[{"href":"https:\/\/irmak.k12.tr\/middle\/wp-json\/wp\/v2\/pages\/11250","targetHints":{"allow":["GET"]}}],"collection":[{"href":"https:\/\/irmak.k12.tr\/middle\/wp-json\/wp\/v2\/pages"}],"about":[{"href":"https:\/\/irmak.k12.tr\/middle\/wp-json\/wp\/v2\/types\/page"}],"author":[{"embeddable":true,"href":"https:\/\/irmak.k12.tr\/middle\/wp-json\/wp\/v2\/users\/1"}],"replies":[{"embeddable":true,"href":"https:\/\/irmak.k12.tr\/middle\/wp-json\/wp\/v2\/comments?post=11250"}],"version-history":[{"count":1,"href":"https:\/\/irmak.k12.tr\/middle\/wp-json\/wp\/v2\/pages\/11250\/revisions"}],"predecessor-version":[{"id":13203,"href":"https:\/\/irmak.k12.tr\/middle\/wp-json\/wp\/v2\/pages\/11250\/revisions\/13203"}],"wp:attachment":[{"href":"https:\/\/irmak.k12.tr\/middle\/wp-json\/wp\/v2\/media?parent=11250"}],"curies":[{"name":"wp","href":"https:\/\/api.w.org\/{rel}","templated":true}]}}